{"id":3579,"date":"2024-07-23T17:31:21","date_gmt":"2024-07-23T15:31:21","guid":{"rendered":"https:\/\/proditysoftware.com\/processamento-de-dados\/"},"modified":"2025-10-21T12:49:01","modified_gmt":"2025-10-21T10:49:01","slug":"processamento-de-dados","status":"publish","type":"page","link":"https:\/\/proditysoftware.com\/pt-pt\/processamento-de-dados\/","title":{"rendered":"Processamento de dados"},"content":{"rendered":"\n<h1 class=\"wp-block-heading has-text-align-left\">Pol\u00edtica de processamento de dados<\/h1>\n\n<p>A partir de 25 de maio de 2018 aplica-se o Regulamento Geral de Prote\u00e7\u00e3o de Dados (doravante &#8220;RGPD&#8221;) e na Prodity valorizamos e preocupamo-nos com a sua privacidade e a prote\u00e7\u00e3o dos seus dados.<\/p>\n\n<p>Nesta Pol\u00edtica de Tratamento de Dados explicamos quais os dados pessoais que recolhemos e como os utilizamos. Tent\u00e1mos redigi-lo de forma clara e simples, para facilitar a sua compreens\u00e3o, de modo a que possa decidir livre e voluntariamente se pretende fornecer \u00e0 Prodity os seus dados pessoais ou os dos membros da sua organiza\u00e7\u00e3o. <\/p>\n\n<h2 class=\"wp-block-heading\">CONTROLADOR DE DADOS<\/h2>\n\n<p>&#8211; Identidade da pessoa respons\u00e1vel: PROSAFETY SOFTWARE, S.L.U.<\/p>\n\n<p>&#8211; NIF\/CIF: B52553419<\/p>\n\n<p>&#8211; Endere\u00e7o: Espacio Tecnol\u00f3gico de El Molin\u00f3n &#8211; Estadio de El Molin\u00f3n, 100 &#8211; C.P. 33203 Gij\u00f3n (Asturias)<\/p>\n\n<p>&#8211; Telefone: (+34) 984 107 637<\/p>\n\n<p>Se tiver alguma d\u00favida sobre o tratamento dos seus dados pessoais, pode escrever-nos para o seguinte endere\u00e7o de correio eletr\u00f3nico: <a href=\"mailto:dpo@proditysoftware.com\">dpo@proditysoftware.com<\/a><\/p>\n\n<h2 class=\"wp-block-heading\">DADOS QUE RECOLHEMOS<\/h2>\n\n<p>Recolhemos, armazenamos e processamos os dados pessoais necess\u00e1rios para a presta\u00e7\u00e3o dos nossos servi\u00e7os, garantindo que s\u00e3o adequados, relevantes e n\u00e3o excessivos para a finalidade leg\u00edtima do processamento. Em particular, as informa\u00e7\u00f5es que recolhemos s\u00e3o: <\/p>\n\n<p>&#8211; Informa\u00e7\u00f5es sobre os nossos <strong>clientes <\/strong>necess\u00e1rias para lhes prestar os servi\u00e7os contratados connosco, incluindo informa\u00e7\u00f5es de identifica\u00e7\u00e3o e contacto, dados comerciais, financeiros e banc\u00e1rios. Embora a maior parte desta informa\u00e7\u00e3o seja de natureza comercial, podem ser inclu\u00eddos dados pessoais, principalmente relativos ao pessoal de contacto das nossas empresas clientes. <\/p>\n\n<p>&#8211; Informa\u00e7\u00f5es dos nossos <strong>fornecedores<\/strong>, incluindo informa\u00e7\u00f5es de identifica\u00e7\u00e3o e de contacto, informa\u00e7\u00f5es financeiras e dados banc\u00e1rios, necess\u00e1rias para gerir os servi\u00e7os que nos prestam. Embora a maior parte destas informa\u00e7\u00f5es sejan de natureza comercial, poden incluir dados pessoais, principalmente relativos ao pessoal de contacto dos nossos fornecedores. <\/p>\n\n<p>&#8211; Informa\u00e7\u00f5es dos nossos <strong>parceiros ou colaboradores externos<\/strong> necess\u00e1rias para a gest\u00e3o dos projectos que realizamos em conjunto, incluindo identifica\u00e7\u00e3o e informa\u00e7\u00f5es de contacto, dados profissionais, financeiros e banc\u00e1rios. Embora a maior parte destas informa\u00e7\u00f5es sejan de natureza comercial, podem ser inclu\u00eddos dados pessoais, principalmente relativos ao pessoal de contacto dos nossos parceiros comerciais. <\/p>\n\n<p>&#8211; Internamente, a Prodity recolhe, guarda e trata os dados pessoais dos nossos <strong>colaboradores<\/strong>, entre os quais inclu\u00edmos toda a informa\u00e7\u00e3o necess\u00e1ria \u00e0 gest\u00e3o da rela\u00e7\u00e3o laboral que nos une e ao cumprimento das obriga\u00e7\u00f5es legais na mat\u00e9ria. Esta informa\u00e7\u00e3o inclui, mas n\u00e3o se limita, \u00e0 identifica\u00e7\u00e3o, contacto, dados banc\u00e1rios ou de forma\u00e7\u00e3o dos colaboradores. <\/p>\n\n<p>Em todos os casos, os interessados garantem e s\u00e3o respons\u00e1veis, em qualquer caso, pela veracidade, exatid\u00e3o, validade e autenticidade dos Dados Pessoais fornecidos, comprometendo-se a mant\u00ea-los devidamente actualizados.<\/p>\n\n<h2 class=\"wp-block-heading\">ACESSO AOS DADOS PESSOAIS<\/h2>\n\n<p>Para o bom desenvolvimento dos servi\u00e7os que prestamos, o pessoal da Prodity pode ter acesso a informa\u00e7\u00f5es e a determinados dados pessoais, principalmente de contacto, contidos nos ficheiros. Nestes casos, a Prodity compromete-se a que tanto a empresa como o seu pessoal mantenham a confidencialidade e a seguran\u00e7a dos referidos dados, para o que respeitar\u00e1 os necess\u00e1rios compromissos de confidencialidade e os contratos de tratamento externo. <\/p>\n\n<h2 class=\"wp-block-heading\">OBJECTIVO DO TRATAMENTO<\/h2>\n\n<p>Os dados pessoais que recolhemos s\u00e3o processados para os seguintes fins:<\/p>\n\n<p>&#8211; Gerir a presta\u00e7\u00e3o do servi\u00e7o solicitado e\/ou contratado.<\/p>\n\n<p>&#8211; Gerir a nossa rela\u00e7\u00e3o de trabalho<\/p>\n\n<p>&#8211; Gerir as comunica\u00e7\u00f5es comerciais, por correio ou por meios electr\u00f3nicos, nos casos em que o utilizador tenha a op\u00e7\u00e3o de cancelar a sua inscri\u00e7\u00e3o, sobre novos produtos e\/ou servi\u00e7os oferecidos pela Prodity.<\/p>\n\n<p>&#8211; Gerir a subscri\u00e7\u00e3o da newsletter e o posterior envio da mesma.<\/p>\n\n<p>&#8211; Convites para participares nos nossos eventos, webinars e apresenta\u00e7\u00f5es<\/p>\n\n<p>&#8211; Gerir os pedidos de contacto com a nossa empresa atrav\u00e9s dos canais disponibilizados para o efeito no nosso site institucional ou de produtos ou atrav\u00e9s das nossas aplica\u00e7\u00f5es.<\/p>\n\n<h2 class=\"wp-block-heading\">COMPROMISSOS DA PRODITY:<\/h2>\n\n<p>&#8211; S\u00f3 pedimos informa\u00e7\u00f5es pessoais que sejam realmente necess\u00e1rias para fornecer os servi\u00e7os que voc\u00ea precisa.<\/p>\n\n<p>&#8211; Nunca partilhamos informa\u00e7\u00f5es pessoais sobre os nossos utilizadores com ningu\u00e9m, exceto para lhe prestar o melhor servi\u00e7o, para cumprir a lei ou se tivermos a sua autoriza\u00e7\u00e3o expressa.<\/p>\n\n<p>&#8211; Nunca utilizaremos os seus dados pessoais para qualquer outro fim que n\u00e3o o estabelecido na presente pol\u00edtica de privacidade.<\/p>\n\n<h2 class=\"wp-block-heading\">LEGITIMIDADE<\/h2>\n\n<p>A base legal para o tratamento dos seus dados pessoais \u00e9 o consentimento dado no in\u00edcio da rela\u00e7\u00e3o comercial, laboral ou profissional ou na execu\u00e7\u00e3o do contrato que nos vincula. O consentimento do utilizador para o tratamento e transfer\u00eancia dos seus dados pode ser revogado a qualquer momento, enviando uma solicitude para <a href=\"mailto:dpo@proditysoftware.com\">dpo@proditysoftware.com.<\/a> <\/p>\n\n<p>Em rela\u00e7\u00e3o \u00e0 finalidade de mant\u00ea-lo informado sobre as novidades relacionadas connosco ou com os nossos servi\u00e7os, a base jur\u00eddica que nos permite efetuar esse tratamento baseia-se no seu consentimento expresso, que voc\u00ea nos deu no momento em que iniciou seu relacionamento com a Prodity.<\/p>\n\n<h2 class=\"wp-block-heading\">QUANDO VOC\u00ca NOS FORNECE SEUS DADOS PESSOAIS?<\/h2>\n\n<p>&#8211; Quando estabelecemos uma rela\u00e7\u00e3o contratual.<\/p>\n\n<p>&#8211; Quando utiliza a nossa ferramenta Prodity.<\/p>\n\n<p>&#8211; Quando participa numa promo\u00e7\u00e3o, evento, feira, semin\u00e1rio ou congresso.<\/p>\n\n<p>&#8211; Enviando o seu CV em papel ou por via eletr\u00f3nica.<\/p>\n\n<p>&#8211; Quando preenche o formul\u00e1rio de contacto no nosso s\u00edtio Web.<\/p>\n\n<p>&#8211; Ao se inscrever em nossa newsletter<\/p>\n\n<p>&#8211; Atrav\u00e9s das nossas redes sociais<a href=\"https:\/\/prosafetysoftware.com\/politica-tratamiento-de-datos#_ftn1\" target=\"_blank\" rel=\"noopener\">[1]<\/a>.<\/p>\n\n<h2 class=\"wp-block-heading\">DIREITOS<\/h2>\n\n<p>Ten o direito:<\/p>\n\n<p>&#8211; Acesso aos teus dados pessoais<\/p>\n\n<p>&#8211; Para solicitar a retifica\u00e7\u00e3o de dados inexactos<\/p>\n\n<p>&#8211; Solicitar a sua elimina\u00e7\u00e3o quando, entre outros motivos, os dados j\u00e1 n\u00e3o forem necess\u00e1rios para os fins para os quais foram recolhidos.<\/p>\n\n<p>&#8211; Em determinadas circunst\u00e2ncias, pode pedir-nos que limitemos o tratamento dos seus dados, caso em que apenas os conservaremos para efeitos de prossecu\u00e7\u00e3o ou defesa de reclama\u00e7\u00f5es.<\/p>\n\n<p>&#8211; Al\u00e9m disso, em determinadas circunst\u00e2ncias e por motivos relacionados com a sua situa\u00e7\u00e3o particular, os titulares dos dados podem opor-se ao tratamento dos seus dados. Neste caso, a Prodity deixar\u00e1 de tratar os dados, exceto por raz\u00f5es leg\u00edtimas imperiosas, ou para o exerc\u00edcio ou defesa de eventuais reclama\u00e7\u00f5es. <\/p>\n\n<p>&#8211; Como titular dos dados, voc\u00ea tem o direito \u00e0 portabilidade de dados, e ter\u00e1 o direito a que os dados pessoais sejam transmitidos diretamente de respons\u00e1vel para respons\u00e1vel quando tecnicamente poss\u00edvel.<\/p>\n\n<h2 class=\"wp-block-heading\">COM QUE TERCEIROS PARTILHAMOS OS TEUS DADOS?<\/h2>\n\n<p>Para podermos oferecer-lhe o melhor servi\u00e7o, apenas poderemos partilhar os seus dados com a ESPIRAL MICROSISTEMAS, S.L.U., empresa que faz parte do grupo empresarial a que pertence a Prodity, e apenas com a finalidade de cumprir as obriga\u00e7\u00f5es contratuais que nos vinculam de uma forma mais eficiente e eficaz. O tratamento que a ESPIRAL d\u00e1 aos dados pessoais facultados \u00e9 absolutamente confidencial, j\u00e1 que aplicar\u00e1 as mesmas medidas de seguran\u00e7a que se aplicam a todas as empresas do grupo, e ser\u00e1 efectuado de acordo com as finalidades anteriormente indicadas. <\/p>\n\n<p>Nunca venderemos ou transferiremos os seus dados a terceiros, a menos que nos autorize expressamente a faz\u00ea-lo ou que sejamos obrigados a faz\u00ea-lo por lei ou por uma autoridade judicial.<\/p>\n\n<p>Tal como referido anteriormente, em algumas situa\u00e7\u00f5es trabalhamos com parceiros ou colaboradores que fornecem parte dos nossos servi\u00e7os. Estes fornecedores s\u00f3 podem utilizar as suas informa\u00e7\u00f5es para fornecer os servi\u00e7os relevantes. N\u00e3o podem utilizar estas informa\u00e7\u00f5es para os seus pr\u00f3prios fins ou transmiti-las a terceiros.  <\/p>\n\n<h2 class=\"wp-block-heading\">ONDE S\u00c3O ARMAZENADOS OS SEUS DADOS?<\/h2>\n\n<p>Utilizamos v\u00e1rias aplica\u00e7\u00f5es para processar determinados dados. Para garantir a sua privacidade, estas aplica\u00e7\u00f5es est\u00e3o sujeitas a regulamentos rigorosos e os dados s\u00e3o sempre armazenados na Uni\u00e3o Europeia. <\/p>\n\n<h2 class=\"wp-block-heading\">SEGURAN\u00c7A E CONFIDENCIALIDADE DOS SEUS DADOS<\/h2>\n\n<p>Na Prodity estamos altamente empenhados na seguran\u00e7a da informa\u00e7\u00e3o que tratamos e no cumprimento dos requisitos legais que se nos aplicam.  <\/p>\n\n<p>Neste sentido, a fim de garantir a confidencialidade, disponibilidade e integridade tanto da informa\u00e7\u00e3o que tratamos (e, em particular, dos dados pessoais), como dos sistemas, redes, aplica\u00e7\u00f5es e bases de dados utilizados para o seu tratamento, na Prodity:<\/p>\n\n<p>\u00b7 Efectuamos regularmente avalia\u00e7\u00f5es de risco dos riscos associados \u00e0 seguran\u00e7a da informa\u00e7\u00e3o e \u00e0 prote\u00e7\u00e3o dos dados pessoais, analisando a nossa situa\u00e7\u00e3o de risco e definindo planos de a\u00e7\u00e3o em conformidade.<\/p>\n\n<p>\u00b7 Dispomos da Certifica\u00e7\u00e3o ISO 27000 emitida pela AENOR.<\/p>\n\n<p>\u00b7 Foi definida uma Pol\u00edtica de Seguran\u00e7a da Informa\u00e7\u00e3o e temos procedimentos internos de Prote\u00e7\u00e3o de Dados que devem ser cumpridos pelas diferentes partes envolvidas no tratamento da informa\u00e7\u00e3o.<\/p>\n\n<p>\u00b7 Foram desenvolvidas ac\u00e7\u00f5es de sensibiliza\u00e7\u00e3o e forma\u00e7\u00e3o para o pessoal interno da organiza\u00e7\u00e3o, necess\u00e1rias para garantir o cumprimento destas pol\u00edticas e procedimentos.<\/p>\n\n<p>No caso de, como utilizador ou parte afetada, detectar qualquer incidente ou quebra de seguran\u00e7a, ou qualquer vulnerabilidade que possa ser afetada, a Prodity coloca \u00e0 disposi\u00e7\u00e3o dos afectados o endere\u00e7o: <a href=\"mailto:dpo@proditysoftware.com\">dpo@proditysoftware.com,<\/a> atrav\u00e9s do qual poder\u00e1 fazer as comunica\u00e7\u00f5es que considere adequadas ou necess\u00e1rias para a melhoria da seguran\u00e7a da nossa informa\u00e7\u00e3o e sistemas.<\/p>\n\n<h2 class=\"wp-block-heading\">DURANTE QUANTO TEMPO CONSERVAMOS OS SEUS DADOS?<\/h2>\n\n<p>Os dados do utilizador ser\u00e3o conservados durante o per\u00edodo necess\u00e1rio para o cumprimento de cada finalidade, das disposi\u00e7\u00f5es da legisla\u00e7\u00e3o aplic\u00e1vel, das obriga\u00e7\u00f5es contratuais e das expectativas e exig\u00eancias dos nossos clientes ou at\u00e9 que o utilizador solicite \u00e0 Prodity o cancelamento da sua inscri\u00e7\u00e3o, se oponha ou revogue o seu consentimento.<\/p>\n\n<h2 class=\"wp-block-heading\">ALTERA\u00c7\u00d5ES \u00c0 NOSSA POL\u00cdTICA DE PRIVACIDADE<\/h2>\n\n<p>No caso de a nossa pol\u00edtica de prote\u00e7\u00e3o de dados mudar em consequ\u00eancia de altera\u00e7\u00f5es na legisla\u00e7\u00e3o ou de crit\u00e9rios emitidos pela Ag\u00eancia Espanhola de Prote\u00e7\u00e3o de Dados, ser\u00e1 vo\u00e7\u00e9 devidamente informado das altera\u00e7\u00f5es que possam ser necess\u00e1rias para cumprir a lei.<\/p>\n\n<p>[<a href=\"https:\/\/prosafetysoftware.com\/politica-tratamiento-de-datos#_ftnref1\" target=\"_blank\" rel=\"noopener\">1]<\/a> Se quiser controlar as informa\u00e7\u00f5es que obtemos automaticamente das redes sociais, pode faz\u00ea-lo atrav\u00e9s das op\u00e7\u00f5es do seu perfil em cada uma das redes sociais em que ten uma conta. Para tal, ten de iniciar sess\u00e3o na rede social e gerir, a partir do teu perfil de utilizador, as informa\u00e7\u00f5es que permite que a rede torne p\u00fablicas e quem autoriza a aceder \u00e0s mesmas. <\/p>\n\n<div style=\"height:80px\" aria-hidden=\"true\" class=\"wp-block-spacer\"><\/div>\n","protected":false},"excerpt":{"rendered":"<p>Pol\u00edtica de processamento de dados A partir de 25 de maio de 2018 aplica-se o Regulamento Geral de Prote\u00e7\u00e3o de Dados (doravante &#8220;RGPD&#8221;) e na Prodity valorizamos e preocupamo-nos com a sua privacidade e a prote\u00e7\u00e3o dos seus dados. Nesta Pol\u00edtica de Tratamento de Dados explicamos quais os dados pessoais que recolhemos e como os [&hellip;]<\/p>\n","protected":false},"author":1,"featured_media":0,"parent":0,"menu_order":0,"comment_status":"closed","ping_status":"closed","template":"","meta":{"inline_featured_image":false,"footnotes":""},"class_list":["post-3579","page","type-page","status-publish","hentry"],"_links":{"self":[{"href":"https:\/\/proditysoftware.com\/pt-pt\/wp-json\/wp\/v2\/pages\/3579","targetHints":{"allow":["GET"]}}],"collection":[{"href":"https:\/\/proditysoftware.com\/pt-pt\/wp-json\/wp\/v2\/pages"}],"about":[{"href":"https:\/\/proditysoftware.com\/pt-pt\/wp-json\/wp\/v2\/types\/page"}],"author":[{"embeddable":true,"href":"https:\/\/proditysoftware.com\/pt-pt\/wp-json\/wp\/v2\/users\/1"}],"replies":[{"embeddable":true,"href":"https:\/\/proditysoftware.com\/pt-pt\/wp-json\/wp\/v2\/comments?post=3579"}],"version-history":[{"count":7,"href":"https:\/\/proditysoftware.com\/pt-pt\/wp-json\/wp\/v2\/pages\/3579\/revisions"}],"predecessor-version":[{"id":4928,"href":"https:\/\/proditysoftware.com\/pt-pt\/wp-json\/wp\/v2\/pages\/3579\/revisions\/4928"}],"wp:attachment":[{"href":"https:\/\/proditysoftware.com\/pt-pt\/wp-json\/wp\/v2\/media?parent=3579"}],"curies":[{"name":"wp","href":"https:\/\/api.w.org\/{rel}","templated":true}]}}